{"id":9,"date":"2026-01-20T07:40:34","date_gmt":"2026-01-20T07:40:34","guid":{"rendered":"https:\/\/espaipermi.com\/?page_id=9"},"modified":"2026-02-28T09:50:42","modified_gmt":"2026-02-28T09:50:42","slug":"9-2","status":"publish","type":"page","link":"https:\/\/espaipermi.com\/","title":{"rendered":"Espai per mi | Rosa Farr\u00e9s Aguilar"},"content":{"rendered":"\n[et_pb_section fb_built=\u00bb1&#8243; _builder_version=\u00bb4.27.5&#8243; _module_preset=\u00bbdefault\u00bb background_color=\u00bbrgba(219,200,182,0.55)\u00bb module_alignment=\u00bbcenter\u00bb min_height=\u00bb100vh\u00bb height=\u00bb100%\u00bb max_height=\u00bb100%\u00bb global_colors_info=\u00bb{}\u00bb][et_pb_row _builder_version=\u00bb4.27.5&#8243; _module_preset=\u00bbdefault\u00bb global_colors_info=\u00bb{}\u00bb][et_pb_column type=\u00bb4_4&#8243; _builder_version=\u00bb4.27.5&#8243; _module_preset=\u00bbdefault\u00bb global_colors_info=\u00bb{}\u00bb][et_pb_image src=\u00bbhttps:\/\/espaipermi.com\/wp-content\/uploads\/2026\/01\/ESPAI_PER_MI_TRAZADO-scaled.png\u00bb title_text=\u00bbESPAI_PER_MI_TRAZADO\u00bb align=\u00bbcenter\u00bb _builder_version=\u00bb4.27.5&#8243; _module_preset=\u00bbdefault\u00bb width=\u00bb50%\u00bb global_colors_info=\u00bb{}\u00bb][\/et_pb_image][\/et_pb_column][\/et_pb_row][et_pb_row _builder_version=\u00bb4.27.5&#8243; _module_preset=\u00bbdefault\u00bb custom_padding=\u00bb||3px|||\u00bb global_colors_info=\u00bb{}\u00bb][et_pb_column type=\u00bb4_4&#8243; _builder_version=\u00bb4.27.5&#8243; _module_preset=\u00bbdefault\u00bb global_colors_info=\u00bb{}\u00bb][et_pb_text _builder_version=\u00bb4.27.5&#8243; _module_preset=\u00bbdefault\u00bb header_font=\u00bb|600|||||||\u00bb header_text_align=\u00bbcenter\u00bb header_font_size=\u00bb42px\u00bb global_colors_info=\u00bb{}\u00bb]<h1>Estamos preparando un lugar para ti.<\/h1>[\/et_pb_text][et_pb_text _builder_version=\u00bb4.27.5&#8243; _module_preset=\u00bbdefault\u00bb header_2_text_align=\u00bbcenter\u00bb global_colors_info=\u00bb{}\u00bb]<h2>Pr\u00f3ximamente,<strong> \u00ab<i data-path-to-node=\"13\" data-index-in-node=\"80\">Espai per mi\u00bb<\/i> <\/strong>por Rosa Farr\u00e9s Aguilar.<\/h2>[\/et_pb_text][et_pb_text ul_type=\u00bbcircle\u00bb _builder_version=\u00bb4.27.5&#8243; _module_preset=\u00bbdefault\u00bb text_font_size=\u00bb16px\u00bb text_line_height=\u00bb1.8em\u00bb width=\u00bb76%\u00bb module_alignment=\u00bbcenter\u00bb custom_margin=\u00bb||21px|||\u00bb global_colors_info=\u00bb{}\u00bb]<p data-path-to-node=\"14\">Hay momentos que requieren un acompa\u00f1amiento especial. En <b data-path-to-node=\"14\" data-index-in-node=\"75\">Espai per mi<\/b> estamos creando un refugio de escucha y bienestar donde podr\u00e1s trabajar en tu equilibrio emocional a trav\u00e9s de:<\/p>\n<ul data-path-to-node=\"15\">\n<li>\n<p data-path-to-node=\"15,0,0\"><b data-path-to-node=\"15,0,0\" data-index-in-node=\"0\">Acompa\u00f1amiento al Duelo:<\/b> Gestionar la p\u00e9rdida con respeto y amor.<\/p>\n<\/li>\n<li>\n<p data-path-to-node=\"15,1,0\"><b data-path-to-node=\"15,1,0\" data-index-in-node=\"0\">Constelaciones Familiares:<\/b> Sanar los v\u00ednculos y mirar hacia el futuro.<\/p>\n<\/li>\n<\/ul>[\/et_pb_text][et_pb_text ul_type=\u00bbcircle\u00bb quote_border_color=\u00bb#274332&#8243; _builder_version=\u00bb4.27.5&#8243; _module_preset=\u00bbdefault\u00bb text_font_size=\u00bb16px\u00bb text_line_height=\u00bb1.8em\u00bb width=\u00bb76%\u00bb module_alignment=\u00bbcenter\u00bb global_colors_info=\u00bb{}\u00bb quote_text_color__hover_enabled=\u00bbon|desktop\u00bb]<blockquote data-path-to-node=\"5\">\n<p data-path-to-node=\"5,0\">Estamos terminando de construir nuestra casa digital, pero Rosa ya te acompa\u00f1a en nuestro espacio f\u00edsico de Sarri\u00e0. Para garantizarte una atenci\u00f3n \u00edntima y sin esperas, <b data-path-to-node=\"5,0\" data-index-in-node=\"170\">atendemos exclusivamente con cita concertada<\/b>.\u00bb<\/p>\n<\/blockquote>[\/et_pb_text][\/et_pb_column][\/et_pb_row][et_pb_row _builder_version=\u00bb4.27.5&#8243; _module_preset=\u00bbdefault\u00bb custom_padding=\u00bb0px||0px||false|false\u00bb custom_margin=\u00bb||0px||false|false\u00bb hover_enabled=\u00bb0&#8243; sticky_enabled=\u00bb0&#8243;][et_pb_column _builder_version=\u00bb4.27.5&#8243; _module_preset=\u00bbdefault\u00bb type=\u00bb4_4&#8243;][et_pb_text _builder_version=\u00bb4.27.5&#8243; _module_preset=\u00bbdefault\u00bb text_font=\u00bb|600|||||||\u00bb header_2_text_color=\u00bb#1e3123&#8243; hover_enabled=\u00bb0&#8243; sticky_enabled=\u00bb0&#8243; header_2_text_align=\u00bbcenter\u00bb header_2_font_size=\u00bb39px\u00bb header_3_font=\u00bb|600|||||||\u00bb header_3_font_size=\u00bb30px\u00bb header_3_text_align=\u00bbcenter\u00bb custom_padding=\u00bb||0px|||\u00bb]<div class=\"et_pb_row et_pb_row_4\">\n<div class=\"et_pb_column et_pb_column_4_4 et_pb_column_10  et_pb_css_mix_blend_mode_passthrough et-last-child\">\n<div class=\"et_pb_module et_pb_text et_pb_text_5  et_pb_text_align_left et_pb_bg_layout_light\">\n<div class=\"et_pb_text_inner\">\n<h2>Lo que compartimos en Instagram<\/h2>\n<h3>Un espacio de escucha en palabras<\/h3>\n<\/div>\n<\/div>\n<\/div>\n<\/div>[\/et_pb_text][\/et_pb_column][\/et_pb_row][et_pb_row _builder_version=\u00bb4.27.5&#8243; _module_preset=\u00bbdefault\u00bb global_colors_info=\u00bb{}\u00bb custom_padding=\u00bb0px|||||\u00bb][et_pb_column type=\u00bb4_4&#8243; _builder_version=\u00bb4.27.5&#8243; _module_preset=\u00bbdefault\u00bb global_colors_info=\u00bb{}\u00bb][et_pb_text _builder_version=\u00bb4.27.5&#8243; _module_preset=\u00bbdefault\u00bb global_colors_info=\u00bb{}\u00bb]\t\t<div id=\"instagram-gallery-feed-0\" class=\"instagram-gallery-feed\" data-feed=\"{&quot;id&quot;:0,&quot;account_id&quot;:&quot;25990916410527536&quot;,&quot;source&quot;:&quot;username&quot;,&quot;tag&quot;:&quot;wordpress&quot;,&quot;order_by&quot;:&quot;top_media&quot;,&quot;layout&quot;:&quot;gallery&quot;,&quot;limit&quot;:12,&quot;columns&quot;:3,&quot;spacing&quot;:10,&quot;lazy&quot;:true,&quot;responsive&quot;:{&quot;desktop&quot;:{&quot;columns&quot;:4,&quot;spacing&quot;:10},&quot;tablet&quot;:{&quot;columns&quot;:2,&quot;spacing&quot;:8},&quot;mobile&quot;:{&quot;columns&quot;:1,&quot;spacing&quot;:6},&quot;breakpoints&quot;:{&quot;tablet&quot;:768,&quot;mobile&quot;:480}},&quot;aspect_ratio&quot;:{&quot;width&quot;:1,&quot;height&quot;:1},&quot;highlight&quot;:{&quot;tag&quot;:&quot;&quot;,&quot;id&quot;:&quot;&quot;,&quot;position&quot;:&quot;1,3,5&quot;},&quot;reel&quot;:{&quot;hide&quot;:false},&quot;copyright&quot;:{&quot;hide&quot;:false,&quot;placeholder&quot;:&quot;&quot;},&quot;profile&quot;:{&quot;display&quot;:false,&quot;username&quot;:&quot;&quot;,&quot;nickname&quot;:&quot;&quot;,&quot;website&quot;:&quot;&quot;,&quot;biography&quot;:&quot;&quot;,&quot;link_text&quot;:&quot;Follow&quot;,&quot;website_text&quot;:&quot;Website&quot;,&quot;avatar&quot;:&quot;&quot;},&quot;box&quot;:{&quot;display&quot;:false,&quot;padding&quot;:1,&quot;radius&quot;:0,&quot;background&quot;:&quot;#fefefe&quot;,&quot;profile&quot;:false,&quot;desc&quot;:&quot;&quot;,&quot;text_color&quot;:&quot;#000000&quot;},&quot;mask&quot;:{&quot;display&quot;:false,&quot;background&quot;:&quot;#000000&quot;,&quot;icon_color&quot;:&quot;#ffffff&quot;,&quot;likes_count&quot;:true,&quot;comments_count&quot;:true},&quot;card&quot;:{&quot;display&quot;:false,&quot;radius&quot;:1,&quot;font_size&quot;:12,&quot;background&quot;:&quot;#ffffff&quot;,&quot;background_hover&quot;:&quot;&quot;,&quot;text_color&quot;:&quot;#000000&quot;,&quot;padding&quot;:5,&quot;likes_count&quot;:false,&quot;text_length&quot;:10,&quot;comments_count&quot;:false,&quot;text_align&quot;:&quot;left&quot;},&quot;carousel&quot;:{&quot;centered_slides&quot;:false,&quot;autoplay&quot;:false,&quot;autoplay_interval&quot;:3000,&quot;navarrows&quot;:true,&quot;navarrows_color&quot;:&quot;&quot;,&quot;pagination&quot;:true,&quot;pagination_color&quot;:&quot;&quot;},&quot;modal&quot;:{&quot;display&quot;:true,&quot;profile&quot;:true,&quot;media_description&quot;:true,&quot;likes_count&quot;:true,&quot;comments_count&quot;:true,&quot;comments_list&quot;:false,&quot;text_align&quot;:&quot;left&quot;,&quot;modal_align&quot;:&quot;bottom&quot;,&quot;text_length&quot;:10000,&quot;font_size&quot;:12},&quot;button&quot;:{&quot;display&quot;:true,&quot;text&quot;:&quot;Ver m\\u00e1s en Instagram&quot;,&quot;text_color&quot;:&quot;#ffff&quot;,&quot;background&quot;:&quot;#000000&quot;,&quot;background_hover&quot;:&quot;#abb8c3&quot;},&quot;button_load&quot;:{&quot;display&quot;:false,&quot;text&quot;:&quot;Load more...&quot;,&quot;text_color&quot;:&quot;#ffff&quot;,&quot;background&quot;:&quot;&quot;,&quot;background_hover&quot;:&quot;&quot;}}\">\n\t\t<!-- <FeedContainer\/> -->\n\t\t<\/div>\n\t\t[\/et_pb_text][\/et_pb_column][\/et_pb_row][et_pb_row column_structure=\u00bb1_2,1_2&#8243; _builder_version=\u00bb4.27.5&#8243; _module_preset=\u00bbdefault\u00bb global_colors_info=\u00bb{}\u00bb][et_pb_column type=\u00bb1_2&#8243; _builder_version=\u00bb4.27.5&#8243; _module_preset=\u00bbdefault\u00bb global_colors_info=\u00bb{}\u00bb][et_pb_text ul_type=\u00bbcircle\u00bb _builder_version=\u00bb4.27.5&#8243; _module_preset=\u00bbdefault\u00bb text_font_size=\u00bb16px\u00bb text_line_height=\u00bb1.8em\u00bb text_orientation=\u00bbcenter\u00bb width=\u00bb76%\u00bb module_alignment=\u00bbcenter\u00bb custom_padding=\u00bb|||46px||\u00bb global_colors_info=\u00bb{}\u00bb]<p data-path-to-node=\"16\" style=\"text-align: center;\"><div class=\"nta_wa_button\" data-id=\"21\" data-info=\"{&quot;name&quot;:&quot;Rosa Farr\\u00e9s&quot;,&quot;info&quot;:{&quot;number&quot;:&quot;+34619460317&quot;,&quot;title&quot;:&quot;CEO Espai Per Mi&quot;,&quot;predefinedText&quot;:&quot;[njwa_page_title]  [njwa_page_url] &quot;,&quot;willBeBackText&quot;:&quot;I will be back in [njwa_time_work]&quot;,&quot;dayOffsText&quot;:&quot;I will be back soon&quot;,&quot;isAlwaysAvailable&quot;:&quot;ON&quot;,&quot;daysOfWeekWorking&quot;:{&quot;sunday&quot;:{&quot;isWorkingOnDay&quot;:&quot;OFF&quot;,&quot;workHours&quot;:[{&quot;startTime&quot;:&quot;08:00&quot;,&quot;endTime&quot;:&quot;17:30&quot;}]},&quot;monday&quot;:{&quot;isWorkingOnDay&quot;:&quot;OFF&quot;,&quot;workHours&quot;:[{&quot;startTime&quot;:&quot;08:00&quot;,&quot;endTime&quot;:&quot;17:30&quot;}]},&quot;tuesday&quot;:{&quot;isWorkingOnDay&quot;:&quot;OFF&quot;,&quot;workHours&quot;:[{&quot;startTime&quot;:&quot;08:00&quot;,&quot;endTime&quot;:&quot;17:30&quot;}]},&quot;wednesday&quot;:{&quot;isWorkingOnDay&quot;:&quot;OFF&quot;,&quot;workHours&quot;:[{&quot;startTime&quot;:&quot;08:00&quot;,&quot;endTime&quot;:&quot;17:30&quot;}]},&quot;thursday&quot;:{&quot;isWorkingOnDay&quot;:&quot;OFF&quot;,&quot;workHours&quot;:[{&quot;startTime&quot;:&quot;08:00&quot;,&quot;endTime&quot;:&quot;17:30&quot;}]},&quot;friday&quot;:{&quot;isWorkingOnDay&quot;:&quot;OFF&quot;,&quot;workHours&quot;:[{&quot;startTime&quot;:&quot;08:00&quot;,&quot;endTime&quot;:&quot;17:30&quot;}]},&quot;saturday&quot;:{&quot;isWorkingOnDay&quot;:&quot;OFF&quot;,&quot;workHours&quot;:[{&quot;startTime&quot;:&quot;08:00&quot;,&quot;endTime&quot;:&quot;17:30&quot;}]}}},&quot;styles&quot;:{&quot;type&quot;:&quot;round&quot;,&quot;backgroundColor&quot;:&quot;#274332&quot;,&quot;textColor&quot;:&quot;#fff&quot;,&quot;label&quot;:&quot;\\u00bfQuieres contactar conmigo? \\u00a1HABLEMOS!&quot;,&quot;width&quot;:300,&quot;height&quot;:64},&quot;avatar&quot;:&quot;https:\\\/\\\/espaipermi.com\\\/wp-content\\\/uploads\\\/2026\\\/01\\\/rosa.jpg&quot;,&quot;options&quot;:{&quot;accounts&quot;:{&quot;hideOfflineAgents&quot;:&quot;OFF&quot;},&quot;display&quot;:{&quot;displayCondition&quot;:&quot;showAllPage&quot;,&quot;displayPostCondition&quot;:&quot;showAllPost&quot;,&quot;includePages&quot;:[],&quot;excludePages&quot;:[],&quot;includePosts&quot;:[],&quot;excludePosts&quot;:[],&quot;showOnDesktop&quot;:&quot;ON&quot;,&quot;showOnMobile&quot;:&quot;ON&quot;,&quot;time_symbols&quot;:&quot;h:m&quot;},&quot;styles&quot;:{&quot;title&quot;:&quot;Start a Conversation&quot;,&quot;responseText&quot;:&quot;The team typically replies in a few minutes.&quot;,&quot;description&quot;:&quot;Hi! Click one of our member below to chat on &lt;strong&gt;WhatsApp&lt;\\\/strong&gt;&quot;,&quot;backgroundColor&quot;:&quot;#2db742&quot;,&quot;textColor&quot;:&quot;#fff&quot;,&quot;titleSize&quot;:18,&quot;accountNameSize&quot;:14,&quot;descriptionTextSize&quot;:12,&quot;regularTextSize&quot;:11,&quot;scrollHeight&quot;:500,&quot;isShowScroll&quot;:&quot;OFF&quot;,&quot;isShowResponseText&quot;:&quot;ON&quot;,&quot;btnLabel&quot;:&quot;Need Help? &lt;strong&gt;Chat with us&lt;\\\/strong&gt;&quot;,&quot;btnLabelWidth&quot;:156,&quot;btnPosition&quot;:&quot;right&quot;,&quot;btnLeftDistance&quot;:30,&quot;btnRightDistance&quot;:30,&quot;btnBottomDistance&quot;:30,&quot;isShowBtnLabel&quot;:&quot;ON&quot;,&quot;isShowGDPR&quot;:&quot;OFF&quot;,&quot;gdprContent&quot;:&quot;Please accept our &lt;a href=\\&quot;https:\\\/\\\/ninjateam.org\\\/privacy-policy\\\/\\&quot;&gt;privacy policy&lt;\\\/a&gt; first to start a conversation.&quot;,&quot;widgetType&quot;:&quot;expandable&quot;},&quot;analytics&quot;:{&quot;enabledGoogle&quot;:&quot;OFF&quot;,&quot;enabledFacebook&quot;:&quot;OFF&quot;,&quot;enabledGoogleGA4&quot;:&quot;OFF&quot;}},&quot;gdprStatus&quot;:false,&quot;defaultAvatar&quot;:&quot;https:\\\/\\\/espaipermi.com\\\/wp-content\\\/plugins\\\/whatsapp-for-wordpress\\\/assets\\\/img\\\/whatsapp_logo.svg&quot;}\"><\/div><\/p>\n<ul data-path-to-node=\"15\"><\/ul>[\/et_pb_text][\/et_pb_column][et_pb_column type=\u00bb1_2&#8243; _builder_version=\u00bb4.27.5&#8243; _module_preset=\u00bbdefault\u00bb global_colors_info=\u00bb{}\u00bb][et_pb_blurb title=\u00bbDirecci\u00f3n:\u00bb use_icon=\u00bbon\u00bb font_icon=\u00bb&#xe01f;||divi||400&#8243; icon_color=\u00bb#FFFFFF\u00bb image_icon_background_color=\u00bb#284133&#8243; icon_placement=\u00bbleft\u00bb _builder_version=\u00bb4.27.5&#8243; _module_preset=\u00bbdefault\u00bb header_font=\u00bb|600|||||||\u00bb header_text_color=\u00bb#284133&#8243; header_line_height=\u00bb0.4em\u00bb body_font_size=\u00bb17px\u00bb body_line_height=\u00bb1.3em\u00bb image_icon_custom_margin=\u00bb-5px||||false|false\u00bb image_icon_custom_padding=\u00bb6px|6px|6px|6px|true|true\u00bb custom_margin=\u00bb||20px||false|false\u00bb border_color_all=\u00bb#284133&#8243; border_radii_image=\u00bbon|90px|90px|90px|90px\u00bb border_width_all_image=\u00bb2px\u00bb global_colors_info=\u00bb{}\u00bb]<p>Passatge Canet, 7, Barcelona.<\/p>[\/et_pb_blurb][et_pb_blurb title=\u00bbTel\u00e9fono\u00bb use_icon=\u00bbon\u00bb font_icon=\u00bb&#xe090;||divi||400&#8243; icon_color=\u00bb#FFFFFF\u00bb image_icon_background_color=\u00bb#284133&#8243; icon_placement=\u00bbleft\u00bb _builder_version=\u00bb4.27.5&#8243; _module_preset=\u00bbdefault\u00bb header_font=\u00bb|600|||||||\u00bb header_text_color=\u00bb#284133&#8243; header_line_height=\u00bb0.4em\u00bb body_font_size=\u00bb17px\u00bb body_line_height=\u00bb1.3em\u00bb image_icon_custom_margin=\u00bb-5px||||false|false\u00bb image_icon_custom_padding=\u00bb6px|6px|6px|6px|true|true\u00bb custom_margin=\u00bb||20px||false|false\u00bb border_color_all=\u00bb#284133&#8243; border_radii_image=\u00bbon|90px|90px|90px|90px\u00bb border_width_all_image=\u00bb2px\u00bb global_colors_info=\u00bb{}\u00bb]<p>+34 619 460 317<\/p>[\/et_pb_blurb][et_pb_blurb title=\u00bbEmail\u00bb use_icon=\u00bbon\u00bb font_icon=\u00bb&#xe010;||divi||400&#8243; icon_color=\u00bb#FFFFFF\u00bb image_icon_background_color=\u00bb#284133&#8243; icon_placement=\u00bbleft\u00bb _builder_version=\u00bb4.27.5&#8243; _module_preset=\u00bbdefault\u00bb header_font=\u00bb|600|||||||\u00bb header_text_color=\u00bb#284133&#8243; header_line_height=\u00bb0.4em\u00bb body_font_size=\u00bb17px\u00bb body_line_height=\u00bb1.3em\u00bb image_icon_custom_margin=\u00bb-5px||||false|false\u00bb image_icon_custom_padding=\u00bb6px|6px|6px|6px|true|true\u00bb custom_margin=\u00bb||20px||false|false\u00bb border_color_all=\u00bb#284133&#8243; border_radii_image=\u00bbon|90px|90px|90px|90px\u00bb border_width_all_image=\u00bb2px\u00bb global_colors_info=\u00bb{}\u00bb]<p>rosa@espaipermi.com<\/p>[\/et_pb_blurb][\/et_pb_column][\/et_pb_row][et_pb_row _builder_version=\u00bb4.27.5&#8243; _module_preset=\u00bbdefault\u00bb custom_padding=\u00bb8px|||||\u00bb global_colors_info=\u00bb{}\u00bb][et_pb_column type=\u00bb4_4&#8243; _builder_version=\u00bb4.27.5&#8243; _module_preset=\u00bbdefault\u00bb global_colors_info=\u00bb{}\u00bb][et_pb_social_media_follow follow_button=\u00bbon\u00bb _builder_version=\u00bb4.27.5&#8243; _module_preset=\u00bbdefault\u00bb custom_button=\u00bbon\u00bb button_text_size=\u00bb15px\u00bb button_text_color=\u00bb#FFFFFF\u00bb button_bg_color=\u00bb#284133&#8243; button_border_width=\u00bb1px\u00bb button_border_radius=\u00bb3px\u00bb button_letter_spacing=\u00bb0px\u00bb button_font=\u00bb|600|||||||\u00bb text_orientation=\u00bbcenter\u00bb global_colors_info=\u00bb{}\u00bb][et_pb_social_media_follow_network social_network=\u00bbinstagram\u00bb url=\u00bbhttps:\/\/www.instagram.com\/rosafarresaguilar\/\u00bb use_icon_font_size=\u00bbon\u00bb icon_font_size=\u00bb19px\u00bb _builder_version=\u00bb4.27.5&#8243; _module_preset=\u00bbdefault\u00bb background_color=\u00bb#284133&#8243; background_enable_color=\u00bbon\u00bb custom_button=\u00bbon\u00bb border_radii=\u00bbon|11px|11px|11px|11px\u00bb border_color_all=\u00bb#284133&#8243; global_colors_info=\u00bb{}\u00bb follow_button=\u00bbon\u00bb url_new_window=\u00bbon\u00bb]instagram[\/et_pb_social_media_follow_network][et_pb_social_media_follow_network social_network=\u00bbfacebook\u00bb url=\u00bbhttps:\/\/www.facebook.com\/rosa.farresaguilar\u00bb use_icon_font_size=\u00bbon\u00bb icon_font_size=\u00bb19px\u00bb _builder_version=\u00bb4.27.5&#8243; _module_preset=\u00bbdefault\u00bb background_color=\u00bb#284133&#8243; background_enable_color=\u00bbon\u00bb custom_button=\u00bbon\u00bb border_radii=\u00bbon|11px|11px|11px|11px\u00bb border_color_all=\u00bb#284133&#8243; global_colors_info=\u00bb{}\u00bb follow_button=\u00bbon\u00bb url_new_window=\u00bbon\u00bb]facebook[\/et_pb_social_media_follow_network][\/et_pb_social_media_follow][\/et_pb_column][\/et_pb_row][\/et_pb_section]\n","protected":false},"excerpt":{"rendered":"<p>Estamos preparando un lugar para ti.Pr\u00f3ximamente, \u00abEspai per mi\u00bb por Rosa Farr\u00e9s Aguilar.Hay momentos que requieren un acompa\u00f1amiento especial. En Espai per mi estamos creando un refugio de escucha y bienestar donde podr\u00e1s trabajar en tu equilibrio emocional a trav\u00e9s de: Acompa\u00f1amiento al Duelo: Gestionar la p\u00e9rdida con respeto y amor. Constelaciones Familiares: Sanar los [&hellip;]<\/p>\n","protected":false},"author":1,"featured_media":74,"parent":0,"menu_order":0,"comment_status":"closed","ping_status":"closed","template":"page-template-blank.php","meta":{"_et_pb_use_builder":"on","_et_pb_old_content":"","_et_gb_content_width":"","footnotes":""},"class_list":["post-9","page","type-page","status-publish","has-post-thumbnail","hentry"],"_links":{"self":[{"href":"https:\/\/espaipermi.com\/index.php?rest_route=\/wp\/v2\/pages\/9","targetHints":{"allow":["GET"]}}],"collection":[{"href":"https:\/\/espaipermi.com\/index.php?rest_route=\/wp\/v2\/pages"}],"about":[{"href":"https:\/\/espaipermi.com\/index.php?rest_route=\/wp\/v2\/types\/page"}],"author":[{"embeddable":true,"href":"https:\/\/espaipermi.com\/index.php?rest_route=\/wp\/v2\/users\/1"}],"replies":[{"embeddable":true,"href":"https:\/\/espaipermi.com\/index.php?rest_route=%2Fwp%2Fv2%2Fcomments&post=9"}],"version-history":[{"count":25,"href":"https:\/\/espaipermi.com\/index.php?rest_route=\/wp\/v2\/pages\/9\/revisions"}],"predecessor-version":[{"id":75,"href":"https:\/\/espaipermi.com\/index.php?rest_route=\/wp\/v2\/pages\/9\/revisions\/75"}],"wp:featuredmedia":[{"embeddable":true,"href":"https:\/\/espaipermi.com\/index.php?rest_route=\/wp\/v2\/media\/74"}],"wp:attachment":[{"href":"https:\/\/espaipermi.com\/index.php?rest_route=%2Fwp%2Fv2%2Fmedia&parent=9"}],"curies":[{"name":"wp","href":"https:\/\/api.w.org\/{rel}","templated":true}]}}